{"id":18443,"date":"2023-05-09T12:33:08","date_gmt":"2023-05-09T10:33:08","guid":{"rendered":"https:\/\/microbioma.es\/?page_id=18443"},"modified":"2023-05-22T12:00:54","modified_gmt":"2023-05-22T10:00:54","slug":"cena-de-gala","status":"publish","type":"page","link":"https:\/\/microbioma.es\/en\/cena-de-gala\/","title":{"rendered":"Men\u00fa Cena de Gala 2023"},"content":{"rendered":"<div data-elementor-type=\"wp-page\" data-elementor-id=\"18443\" class=\"elementor elementor-18443\" data-elementor-post-type=\"page\">\n\t\t\t\t<div data-particle_enable=\"false\" data-particle-mobile-disabled=\"false\" class=\"elementor-element elementor-element-1a5641d e-con-full e-flex e-con e-parent\" data-id=\"1a5641d\" data-element_type=\"container\" data-settings=\"{&quot;background_background&quot;:&quot;classic&quot;}\">\n\t\t<div data-particle_enable=\"false\" data-particle-mobile-disabled=\"false\" class=\"elementor-element elementor-element-6ae7274 e-flex e-con-boxed e-con e-child\" data-id=\"6ae7274\" data-element_type=\"container\" data-settings=\"{&quot;background_background&quot;:&quot;classic&quot;}\">\n\t\t\t\t\t<div class=\"e-con-inner\">\n\t\t\t\t<div class=\"elementor-element elementor-element-4c72490 elementor-widget elementor-widget-text-editor\" data-id=\"4c72490\" data-element_type=\"widget\" data-widget_type=\"text-editor.default\">\n\t\t\t\t<div class=\"elementor-widget-container\">\n\t\t\t\t\t\t\t\t\t<h1><strong>GALA DINNER MENU<\/strong><\/h1>\t\t\t\t\t\t\t\t<\/div>\n\t\t\t\t<\/div>\n\t\t\t\t<div class=\"elementor-element elementor-element-d703b2c elementor-widget elementor-widget-text-editor\" data-id=\"d703b2c\" data-element_type=\"widget\" data-widget_type=\"text-editor.default\">\n\t\t\t\t<div class=\"elementor-widget-container\">\n\t\t\t\t\t\t\t\t\t<p><span style=\"text-decoration: underline;\"><strong>appetizer centerpiece<\/strong><\/span><\/p><p>\u00b7 Salmon roll stuffed with sardine cream<br \/>\u00b7 World cheeses with fried almonds (Parmesan, Gouda, in wine and cured sheep)<br \/>\u00b7 Iberian cold cuts (Iberian loin, salchich\u00f3n and chorizo)<\/p><p><span style=\"text-decoration: underline;\"><strong>Individual<\/strong><\/span><\/p><p>\u00b7 Tomato and lettuce salad with ventresca<br \/>\u00b7 Lamb at low temperature lacquered with soy and honey<br \/>Biscayne-style cod<\/p><p><span style=\"text-decoration: underline;\"><strong>Dessert<\/strong><\/span><\/p><p>Chocolate brownie with vanilla ice cream<\/p><p><span style=\"text-decoration: underline;\"><strong>coffee and infusions<\/strong><\/span><\/p><p><span style=\"text-decoration: underline;\"><strong>Drink<\/strong><\/span><\/p><p>\u00b7 White or red wine from our winery<br \/>\u00b7 Beers, soft drinks and mineral waters<\/p>\t\t\t\t\t\t\t\t<\/div>\n\t\t\t\t<\/div>\n\t\t\t\t<div class=\"elementor-element elementor-element-1bdfc55 elementor-widget__width-initial elementor-widget elementor-widget-heading\" data-id=\"1bdfc55\" data-element_type=\"widget\" data-widget_type=\"heading.default\">\n\t\t\t\t<div class=\"elementor-widget-container\">\n\t\t\t\t\t<h2 class=\"elementor-heading-title elementor-size-default\">Open bar and live music<\/h2>\t\t\t\t<\/div>\n\t\t\t\t<\/div>\n\t\t\t\t\t<\/div>\n\t\t\t\t<\/div>\n\t\t<div data-particle_enable=\"false\" data-particle-mobile-disabled=\"false\" class=\"elementor-element elementor-element-9d1cb3a e-flex e-con-boxed e-con e-child\" data-id=\"9d1cb3a\" data-element_type=\"container\" data-settings=\"{&quot;background_background&quot;:&quot;classic&quot;}\">\n\t\t\t\t\t<div class=\"e-con-inner\">\n\t\t\t\t<div class=\"elementor-element elementor-element-1f6c937 elementor-widget elementor-widget-spacer\" data-id=\"1f6c937\" data-element_type=\"widget\" data-widget_type=\"spacer.default\">\n\t\t\t\t<div class=\"elementor-widget-container\">\n\t\t\t\t\t\t\t<div class=\"elementor-spacer\">\n\t\t\t<div class=\"elementor-spacer-inner\"><\/div>\n\t\t<\/div>\n\t\t\t\t\t\t<\/div>\n\t\t\t\t<\/div>\n\t\t\t\t<div class=\"elementor-element elementor-element-f5b9fdc elementor-widget__width-initial elementor-widget elementor-widget-text-editor\" data-id=\"f5b9fdc\" data-element_type=\"widget\" data-widget_type=\"text-editor.default\">\n\t\t\t\t<div class=\"elementor-widget-container\">\n\t\t\t\t\t\t\t\t\t<h3 style=\"text-align: center;\"><span style=\"color: #000000;\"><strong>Wednesday, June 7 <\/strong><\/span><span style=\"color: #000000;\"><strong>9:30 p.m.<\/strong><\/span><\/h3><h2 style=\"text-align: center;\"><span style=\"color: #000000;\"><strong>HOTEL NELVA ****<\/strong><\/span><\/h2><p style=\"text-align: center;\">Av. Primero de Mayo, 5, 30006 Murcia<br \/><span style=\"text-decoration: underline;\"><a href=\"https:\/\/goo.gl\/maps\/X2yiNyPky4K56to97?coh=178573&amp;entry=tt\" target=\"_blank\" rel=\"noopener\">Link to Google Maps<\/a><\/span><\/p>\t\t\t\t\t\t\t\t<\/div>\n\t\t\t\t<\/div>\n\t\t\t\t<div class=\"elementor-element elementor-element-7511fc7 elementor-widget elementor-widget-spacer\" data-id=\"7511fc7\" data-element_type=\"widget\" data-widget_type=\"spacer.default\">\n\t\t\t\t<div class=\"elementor-widget-container\">\n\t\t\t\t\t\t\t<div class=\"elementor-spacer\">\n\t\t\t<div class=\"elementor-spacer-inner\"><\/div>\n\t\t<\/div>\n\t\t\t\t\t\t<\/div>\n\t\t\t\t<\/div>\n\t\t\t\t\t<\/div>\n\t\t\t\t<\/div>\n\t\t\t\t<\/div>\n\t\t\t\t<\/div>","protected":false},"excerpt":{"rendered":"<p>MEN\u00da CENA DE GALA Aperitivo centro de mesa \u00b7 Rollito de Salm\u00f3n relleno de crema de sardinas\u00b7 Quesos del mundo con almendras fritas (Parmesano, gouda, al vino y curado de oveja)\u00b7 Chacinas ib\u00e9ricas (Lomo ib\u00e9rico, salchich\u00f3n y chorizo) Individual \u00b7 Ensalada de tomate y cogollos con ventresca\u00b7 Cordero a baja temperatura laqueado con soja y [&hellip;]<\/p>","protected":false},"author":3,"featured_media":0,"parent":0,"menu_order":0,"comment_status":"closed","ping_status":"closed","template":"elementor_header_footer","meta":{"inline_featured_image":false,"footnotes":""},"class_list":["post-18443","page","type-page","status-publish","hentry"],"_links":{"self":[{"href":"https:\/\/microbioma.es\/en\/wp-json\/wp\/v2\/pages\/18443","targetHints":{"allow":["GET"]}}],"collection":[{"href":"https:\/\/microbioma.es\/en\/wp-json\/wp\/v2\/pages"}],"about":[{"href":"https:\/\/microbioma.es\/en\/wp-json\/wp\/v2\/types\/page"}],"author":[{"embeddable":true,"href":"https:\/\/microbioma.es\/en\/wp-json\/wp\/v2\/users\/3"}],"replies":[{"embeddable":true,"href":"https:\/\/microbioma.es\/en\/wp-json\/wp\/v2\/comments?post=18443"}],"version-history":[{"count":0,"href":"https:\/\/microbioma.es\/en\/wp-json\/wp\/v2\/pages\/18443\/revisions"}],"wp:attachment":[{"href":"https:\/\/microbioma.es\/en\/wp-json\/wp\/v2\/media?parent=18443"}],"curies":[{"name":"wp","href":"https:\/\/api.w.org\/{rel}","templated":true}]}}